{"id":373,"date":"2019-10-03T14:23:22","date_gmt":"2019-10-03T12:23:22","guid":{"rendered":"http:\/\/www.naturheilpraxis-bettina-henker.de\/?page_id=373"},"modified":"2025-05-17T13:08:00","modified_gmt":"2025-05-17T11:08:00","slug":"datenschutzerklaerung","status":"publish","type":"page","link":"http:\/\/www.naturheilpraxis-bettina-henker.de\/?page_id=373","title":{"rendered":"Datenschutzerkl\u00e4rung"},"content":{"rendered":"\n<h2 class=\"has-very-dark-gray-color has-text-color has-text-align-left wp-block-heading\">Datenschutz<\/h2>\n\n\n\n<p class=\"has-text-color has-very-dark-gray-color\">Ich freue mich \u00fcber Ihren Besuch auf meiner Internetpr\u00e4senz. Ich nehme den Schutz Ihrer pers\u00f6nlichen Daten ernst und halte mich an die Regeln der gesetzlichen Vorgaben, insbesondere der Datenschutzgesetze. Die in dieser Erkl\u00e4rung verwendeten Begrifflichkeiten sind geschlechtsneutral zu verstehen und umfassen jeweils die weibliche und m\u00e4nnliche Form.<\/p>\n\n\n\n<div style=\"height:20px\" aria-hidden=\"true\" class=\"wp-block-spacer\"><\/div>\n\n\n\n<h3 class=\"has-very-dark-gray-color has-text-color wp-block-heading\">\u00a7 1 Information \u00fcber die Erhebung personenbezogener Daten<\/h3>\n\n\n\n<p class=\"has-text-color has-very-dark-gray-color\">In dieser Datenschutzerkl\u00e4rung informiere ich Sie \u00fcber die Erhebung\npersonenbezogener Daten bei Nutzung meiner Internetpr\u00e4senz. Personenbezogene\nDaten sind alle Daten, die auf Sie pers\u00f6nlich beziehbar sind, beispielweise Ihr\nName, Ihre Anschrift oder Ihre E-Mail-Adresse.<\/p>\n\n\n\n<p class=\"has-text-color has-very-dark-gray-color\">Verantwortlicher gem. Art.&nbsp;4 Abs.&nbsp;7 EU-Datenschutz-Grundverordnung (DS-GVO) bin ich,<\/p>\n\n\n\n<p class=\"has-text-color has-very-dark-gray-color\">Bettina Henker<br>Friedrich- Gottlob- Keller- Stra\u00dfe 14b<br>01814 Bad Schandau \/OT Krippen. <\/p>\n\n\n\n<p class=\"has-text-color has-very-dark-gray-color\">Alle Angaben \u00fcber mich finden Sie in meinem <a href=\"http:\/\/www.naturheilpraxis-bettina-henker.de\/?page_id=334\">Impressum<\/a>.<\/p>\n\n\n\n<p class=\"has-text-color has-very-dark-gray-color\">F\u00fcr eine Kontaktaufnahme k\u00f6nnen Sie mir eine E-Mail zusenden oder das auf meiner\nWebsite bereitgestellte Kontaktformular nutzen. Dabei ist die Angabe einer\ng\u00fcltigen E-Mail-Adresse erforderlich, um Ihre Anfrage beantworten zu k\u00f6nnen.\nSofern Sie dies w\u00fcnschen, k\u00f6nnen Sie hierzu eine E-Mailadresse verwenden, die\nkeine R\u00fcckschl\u00fcsse auf Ihre Person zul\u00e4sst. Wenn Sie mir eine E-Mail schreiben,\nspeichere ich die von Ihnen mitgeteilten Daten (z.B. Ihre E-Mail-Adresse, ggf.\nIhren Namen und Ihre Telefonnummer), um Ihre Fragen zu beantworten. Ist eine\nSpeicherung nicht mehr erforderlich, l\u00f6sche ich die erhobenen personenbezogenen\nDaten. Falls eine gesetzliche Aufbewahrungspflicht besteht, schr\u00e4nken ich die\nVerarbeitung ein. Die Rechtsgrundlage f\u00fcr die Datenverarbeitung zum Zwecke der\nKontaktaufnahme bildet Art. 6 Abs. 1 S. 1 lit. f DS-GVO.<\/p>\n\n\n\n<p class=\"has-text-color has-very-dark-gray-color\">Ich m\u00f6chte Sie darauf hinweisen, dass eine Daten\u00fcbertragung per E-Mail\nSicherheitsl\u00fccken aufweisen kann. Ein l\u00fcckenloser Schutz der Daten vor dem\nZugriff durch Dritte ist hier nicht m\u00f6glich. Ich empfehle deshalb, sensible\noder gesundheitsbezogene Daten nicht per Email zu \u00fcbermitteln. Sofern Sie an\neiner verschl\u00fcsselten E-Mail-Korrespondenz interessiert sind, teilen Sie mir\ndies bitte mit.<\/p>\n\n\n\n<p class=\"has-text-color has-very-dark-gray-color\">F\u00fcr einzelne Funktionen meiner Website ben\u00f6tigen ich die Mitwirkung von\nexternen Dienstleistern. \u00dcber die jeweiligen Vorg\u00e4nge informieren ich Sie im\nweiteren Verlauf dieser Erkl\u00e4rung.<\/p>\n\n\n\n<div style=\"height:20px\" aria-hidden=\"true\" class=\"wp-block-spacer\"><\/div>\n\n\n\n<h3 class=\"has-very-dark-gray-color has-text-color wp-block-heading\">\u00a7 2 Erhebung und Speicherung personenbezogener Daten bei Aufruf meiner Website<\/h3>\n\n\n\n<p class=\"has-text-color has-very-dark-gray-color\">Wenn Sie meine Internetpr\u00e4senz informatorisch nutzen \u2013 also lediglich betrachten -, erheben ich (bzw. unser Hostinganbieter <a href=\"http:\/\/www.goneo.de\">goneo<\/a> als unser Auftragsdatenverarbeiter gem. Art. 28 DSGVO) bei deren Aufruf diejenigen personenbezogenen Daten, die Ihr Browser automatisch an den Server meiner Website \u00fcbermittelt. Diese Informationen werden tempor\u00e4r in einem sog. Logfile gespeichert und nach maximal 7 Tagen gel\u00f6scht oder anonymisiert. Folgende Informationen werden dabei ohne Ihr Zutun erfasst und bis zur L\u00f6schung oder Anonymisierung gespeichert: (Logfile-Daten):<\/p>\n\n\n\n<ul class=\"has-text-color has-very-dark-gray-color wp-block-list\"><li>IP-Adresse des anfragenden Rechners,<\/li><li>Datum und Uhrzeit der Anfrage bzw. des Zugriffs,<\/li><li>Zeitzonendifferenz zur Greenwich Mean Time (GMT),<\/li><li>Inhalt der Anforderung (konkrete Seite),<\/li><li>Name und URL der abgerufenen Datei,<\/li><li>Zugriffsstatus\/HTTP-Statuscode,<\/li><li>jeweils \u00fcbertragene Datenmenge,<\/li><li>Website, von der die Anforderung bzw. der Zugriff erfolgt (Referrer-URL),<\/li><li>verwendeter Browser,<\/li><li>Betriebssystem Ihres Rechners und dessen Oberfl\u00e4che sowie der Name Ihres Access-Providers,<\/li><li>Sprache und Version der Browsersoftware<\/li><\/ul>\n\n\n\n<p class=\"has-text-color has-very-dark-gray-color\">Die genannten Daten werden verarbeitet, um Ihnen meine Website anzuzeigen\nund dabei Stabilit\u00e4t und Sicherheit zu gew\u00e4hrleisten. Insbesondere um einen\nreibungslosen Verbindungsaufbau und eine komfortable Nutzung meiner Website\nsicherzustellen sowie f\u00fcr eine Auswertung der Systemsicherheit bzw.\nSystemstabilit\u00e4t und zu weiteren administrativen Zwecken.<\/p>\n\n\n\n<p class=\"has-text-color has-very-dark-gray-color\">Die Rechtsgrundlage f\u00fcr die Datenverarbeitung bildet Art.&nbsp;6\nAbs.&nbsp;1 S.&nbsp;1 lit. f DS-GVO. Mein berechtigtes Interesse folgt aus den\nvorstehend aufgelisteten Zwecken zur Datenerhebung.<\/p>\n\n\n\n<div style=\"height:20px\" aria-hidden=\"true\" class=\"wp-block-spacer\"><\/div>\n\n\n\n<h3 class=\"has-very-dark-gray-color has-text-color wp-block-heading\">\u00a7 3 Weitergabe von Daten \/ Daten\u00fcbermittlung<\/h3>\n\n\n\n<p class=\"has-text-color has-very-dark-gray-color\">Ich \u00fcbermittele Ihre pers\u00f6nlichen Daten an Dritte ausschlie\u00dflich in folgenden F\u00e4llen:<\/p>\n\n\n\n<ul class=\"has-text-color has-very-dark-gray-color wp-block-list\"><li>nach Erteilung einer ausdr\u00fccklichen Einwilligung gem\u00e4\u00df Art. 6 Abs. 1 S. 1 lit. a DSGVO,<\/li><li>die Weitergabe ist nach Art. 6 Abs. 1 S. 1 lit. f DSGVO zur Geltendmachung, Aus\u00fcbung oder Verteidigung von Rechtsanspr\u00fcchen erforderlich und es besteht kein Grund zur Annahme, dass Sie ein \u00fcberwiegendes schutzw\u00fcrdiges Interesse an der Nichtweitergabe Ihrer Daten haben,<\/li><li>falls f\u00fcr die Weitergabe nach Art. 6 Abs. 1 S. 1 lit. c DSGVO eine gesetzliche Verpflichtung besteht,<\/li><li>sofern dies gesetzlich zul\u00e4ssig und nach Art. 6 Abs. 1 S. 1 lit. b DSGVO f\u00fcr die Abwicklung von Vertragsverh\u00e4ltnissen mit Ihnen erforderlich ist.<\/li><\/ul>\n\n\n\n<div style=\"height:20px\" aria-hidden=\"true\" class=\"wp-block-spacer\"><\/div>\n\n\n\n<h3 class=\"has-very-dark-gray-color has-text-color wp-block-heading\">\u00a7 4 Ihre Rechte<\/h3>\n\n\n\n<p class=\"has-text-color has-very-dark-gray-color\">Sie haben mir gegen\u00fcber Rechte hinsichtlich der Sie betreffenden personenbezogenen Daten. Hierbei handelt es sich um das:<\/p>\n\n\n\n<ul class=\"has-text-color has-very-dark-gray-color wp-block-list\"><li>Recht auf Auskunft: gem\u00e4\u00df Art. 15 DSGVO k\u00f6nnen Sie Auskunft \u00fcber Ihre von mich verarbeiteten personenbezogenen Daten verlangen.<\/li><li>Recht auf Berichtigung: gem\u00e4\u00df Art. 16 DSGVO k\u00f6nnen Sie unverz\u00fcglich die Berichtigung unrichtiger oder Vervollst\u00e4ndigung Ihrer bei mich gespeicherten personenbezogenen Daten verlangen.<\/li><li>Recht auf L\u00f6schung: gem\u00e4\u00df Art. 17 DSGVO k\u00f6nnen Sie die L\u00f6schung Ihrer bei mich gespeicherten personenbezogenen Daten verlangen.<\/li><li>Recht auf Einschr\u00e4nkung der Verarbeitung: gem\u00e4\u00df Art. 18 DSGVO k\u00f6nnen Sie die Einschr\u00e4nkung der Verarbeitung Ihrer bei mich gespeicherten personenbezogenen Daten verlangen.<\/li><li>Recht auf Widerspruch gegen die Verarbeitung: gem\u00e4\u00df Art. 7 Abs. 3 DSGVO k\u00f6nnen Sie Ihre einmal erteilte Einwilligung jederzeit gegen\u00fcber mich widerrufen.<\/li><li>Recht auf Daten\u00fcbertragbarkeit: gem\u00e4\u00df Art. 20 DSGVO k\u00f6nnen Sie verlangen, Ihre personenbezogenen Daten, die Sie mich bereitgestellt haben, in einem strukturierten, g\u00e4ngigen und maschinenlesebaren Format zu erhalten oder die \u00dcbermittlung an einen anderen Verantwortlichen verlangen.<\/li><li>Sie haben gem\u00e4\u00df Art. 77 DSGVO zudem das Recht, sich bei einer Datenschutz-Aufsichtsbeh\u00f6rde \u00fcber die Verarbeitung Ihrer personenbezogenen Daten durch mich zu beschweren.<\/li><\/ul>\n\n\n\n<div style=\"height:20px\" aria-hidden=\"true\" class=\"wp-block-spacer\"><\/div>\n\n\n\n<h3 class=\"has-very-dark-gray-color has-text-color wp-block-heading\">\u00a7 6 Weitere Funktionen und Angebote meiner Website \/ Einbindung von Diensten und Inhalten Dritter (Plug-in-Anbieter)<\/h3>\n\n\n\n<p class=\"has-text-color has-very-dark-gray-color\">Neben der rein informatorischen (betrachtenden) Nutzung meiner Website biete ich verschiedene Leistungen an, die Sie bei Interesse aktiv nutzen k\u00f6nnen. Hierdurch werden weitere Datenverarbeitungsvorg\u00e4nge ausgel\u00f6st. Die Nutzung der nachfolgenden Dienste setzt voraus, dass die Drittanbieter Ihre IP-Adresse erfahren; ohne die IP-Adresse k\u00f6nnen die Inhalte nicht an Ihren Browser \u00fcbermittelt werden.<\/p>\n\n\n\n<p class=\"has-text-color has-very-dark-gray-color\">Folgende Angebote \/ Dienste von Drittfirmen sind auf meiner Internetpr\u00e4senz eingebunden:<\/p>\n\n\n\n<p class=\"has-text-color has-very-dark-gray-color\"><a href=\"https:\/\/leafletjs.com\/\">Leaflet<\/a> &#8211; an open-source JavaScript library<br> for mobile-friendly interactive maps<\/p>\n\n\n\n<p class=\"has-text-color has-very-dark-gray-color\">Die nachfolgend beschriebenen Datenverarbeitungen sind zur Wahrung meiner berechtigten Interessen sowie der Dritter nach Art. 6 Abs. 1 S. 1 lit. f DSGVO erforderlich. Diese liegen insbesondere in der Optimierung und komfortablen Nutzung meiner Website sowie der Gestaltung meiner Internetpr\u00e4senz. Die Einbindung ist jeweils erforderlich, um die Angebote der Drittanbieter auf meiner Internetpr\u00e4senz nutzen zu k\u00f6nnen.<\/p>\n\n\n\n<div style=\"height:20px\" aria-hidden=\"true\" class=\"wp-block-spacer\"><\/div>\n\n\n\n<h3 class=\"has-very-dark-gray-color has-text-color wp-block-heading\"><strong>\u00a7 7 Widerspruch oder Widerruf gegen die Verarbeitung Ihrer Daten<\/strong><\/h3>\n\n\n\n<p class=\"has-text-color has-very-dark-gray-color\"><strong>Sofern ich Ihre personenbezogenen Daten auf Grundlage von berechtigten\nInteressen gem\u00e4\u00df Art. 6 Abs. 1 S. 1 lit. f DSGVO verarbeite, k\u00f6nnen Sie gem\u00e4\u00df\nArt. 21 DS-GVO Widerspruch gegen die Verarbeitung Ihrer personenbezogenen Daten\neinlegen. In diesem Fall teilen Sie mir bitte die Gr\u00fcnde \u2013 die sich aus Ihrer\nbesonderen Situation ergeben \u2013 mit, aufgrund derer ich Ihre personenbezogenen\nDaten nicht verarbeiten soll. Nach Pr\u00fcfung Ihres Widerspruchs stelle ich\nentweder die Datenverarbeitung ein, passen diese an oder f\u00fchre die Verarbeitung\nfort. In zuletzt genannten Fall lege ich Ihnen unsere zwingenden schutzw\u00fcrdigen\nGr\u00fcnde dar.<\/strong><\/p>\n\n\n\n<p class=\"has-text-color has-very-dark-gray-color\"><strong>Der Verarbeitung Ihrer personenbezogenen Daten f\u00fcr Zwecke der Werbung\nund\/oder Datenanalyse k\u00f6nnen Sie jederzeit ohne Angabe von Gr\u00fcnden widersprechen.\nIhr diesbez\u00fcgliches Widerspruchsrecht setze ich um; die Angabe von Gr\u00fcnden ist\nhierzu nicht erforderlich.<\/strong><\/p>\n\n\n\n<p class=\"has-text-color has-very-dark-gray-color\"><strong>Falls Sie eine Einwilligung zur Verarbeitung Ihrer Daten erteilt haben,\nk\u00f6nnen Sie diese jederzeit mit Wirkung f\u00fcr die Zukunft widerrufen.<\/strong><\/p>\n\n\n\n<p class=\"has-text-color has-very-dark-gray-color\"><strong>Zur Aus\u00fcbung Ihres Widerrufs- oder Widerspruchsrecht richten Sie eine E-Mail an folgende Adresse:&nbsp;<\/strong> <strong><a href=\"mailto:kontakt@naturheilpraxis-bettina-henker.de\">kontakt@naturheilpraxis-bettina-henker.de<\/a> <\/strong><\/p>\n\n\n\n<p class=\"has-text-color has-very-dark-gray-color\"><strong>\u00dcber Ihren Widerspruch oder Widerruf k\u00f6nnen Sie mich auch unter folgenden\nKontaktdaten informieren:<\/strong><\/p>\n\n\n\n<p class=\"has-text-color has-very-dark-gray-color\"><strong><a href=\"http:\/\/www.naturheilpraxis-bettina-henker.de\/?page_id=334\">&nbsp;Bettina Henker<br> Friedrich- Gottlob- Keller- Stra\u00dfe 14b<br> 01814 Bad Schandau \/OT Krippen<\/a><\/strong><\/p>\n\n\n\n<div style=\"height:20px\" aria-hidden=\"true\" class=\"wp-block-spacer\"><\/div>\n\n\n\n<h3 class=\"has-very-dark-gray-color has-text-color wp-block-heading\">\u00a7 8 Verschl\u00fcsselung<\/h3>\n\n\n\n<p class=\"has-text-color has-very-dark-gray-color\">Zur Sicherung Ihrer Daten verwenden ich auf meiner Internetpr\u00e4senz eine SSL-Verschl\u00fcsselung. Zertifikate zur Verwendung der SSL-Verschl\u00fcsselung werden von mich regelm\u00e4\u00dfig erneuert. Ob eine Seite unseres Internetauftrittes verschl\u00fcsselt \u00fcbertragen wird, erkennen Sie an der geschlossenen Darstellung des Sch\u00fcssel-\/Schloss-Symbols in der Statusleiste Ihres Browsers.<\/p>\n\n\n\n<div style=\"height:20px\" aria-hidden=\"true\" class=\"wp-block-spacer\"><\/div>\n\n\n\n<h3 class=\"has-very-dark-gray-color has-text-color wp-block-heading\">\u00a7 9 Weitere Fragen<\/h3>\n\n\n\n<p class=\"has-text-color has-very-dark-gray-color\">Konnte meine Datenschutzerkl\u00e4rung eine Ihrer Fragen nicht beantworten?\nW\u00fcnschen Sie zu einem Punkt weitere Informationen? Dann lassen Sie mich dies\nwissen. Ich gebe Ihnen jederzeit gern weitere Auskunft. F\u00fcr alle Anfragen zum\nDatenschutz wenden Sie sich bitte an folgende E-Mail-Adresse:<\/p>\n\n\n\n<p class=\"has-text-color has-very-dark-gray-color\"><a href=\"mailto:kontakt@naturheilpraxis-bettina-henker.de\">kontakt@naturheilpraxis-bettina-henker.de<\/a><\/p>\n\n\n\n<p class=\"has-text-color has-very-dark-gray-color\">Diese Datenschutzerkl\u00e4rung hat den Stand Januar 2019.<\/p>\n","protected":false},"excerpt":{"rendered":"<p>Datenschutz Ich freue mich \u00fcber Ihren Besuch auf meiner Internetpr\u00e4senz. Ich nehme den Schutz Ihrer pers\u00f6nlichen Daten ernst und halte mich an die Regeln der gesetzlichen Vorgaben, insbesondere der Datenschutzgesetze. Die in dieser Erkl\u00e4rung verwendeten Begrifflichkeiten sind geschlechtsneutral zu verstehen und umfassen jeweils die weibliche und m\u00e4nnliche Form. \u00a7 1&#8230;<\/p>\n","protected":false},"author":1,"featured_media":0,"parent":334,"menu_order":1,"comment_status":"closed","ping_status":"closed","template":"","meta":{"footnotes":""},"class_list":["post-373","page","type-page","status-publish","hentry"],"_links":{"self":[{"href":"http:\/\/www.naturheilpraxis-bettina-henker.de\/index.php?rest_route=\/wp\/v2\/pages\/373","targetHints":{"allow":["GET"]}}],"collection":[{"href":"http:\/\/www.naturheilpraxis-bettina-henker.de\/index.php?rest_route=\/wp\/v2\/pages"}],"about":[{"href":"http:\/\/www.naturheilpraxis-bettina-henker.de\/index.php?rest_route=\/wp\/v2\/types\/page"}],"author":[{"embeddable":true,"href":"http:\/\/www.naturheilpraxis-bettina-henker.de\/index.php?rest_route=\/wp\/v2\/users\/1"}],"replies":[{"embeddable":true,"href":"http:\/\/www.naturheilpraxis-bettina-henker.de\/index.php?rest_route=%2Fwp%2Fv2%2Fcomments&post=373"}],"version-history":[{"count":13,"href":"http:\/\/www.naturheilpraxis-bettina-henker.de\/index.php?rest_route=\/wp\/v2\/pages\/373\/revisions"}],"predecessor-version":[{"id":833,"href":"http:\/\/www.naturheilpraxis-bettina-henker.de\/index.php?rest_route=\/wp\/v2\/pages\/373\/revisions\/833"}],"up":[{"embeddable":true,"href":"http:\/\/www.naturheilpraxis-bettina-henker.de\/index.php?rest_route=\/wp\/v2\/pages\/334"}],"wp:attachment":[{"href":"http:\/\/www.naturheilpraxis-bettina-henker.de\/index.php?rest_route=%2Fwp%2Fv2%2Fmedia&parent=373"}],"curies":[{"name":"wp","href":"https:\/\/api.w.org\/{rel}","templated":true}]}}